{"id":15,"date":"2017-12-17T20:31:31","date_gmt":"2017-12-17T20:31:31","guid":{"rendered":"http:\/\/agus-kempten.de\/site\/?page_id=15"},"modified":"2017-12-17T22:05:51","modified_gmt":"2017-12-17T22:05:51","slug":"wir-arbeiten-zusammen","status":"publish","type":"page","link":"https:\/\/agus-kempten.de\/site\/wir-arbeiten-zusammen\/","title":{"rendered":"Wir arbeiten zusammen"},"content":{"rendered":"<p>Wir arbeiten zusammen mit:<\/p>\n<p><a href=\"http:\/\/www.hospiz-kempten.de\">Hospizverein Kempten-Oberallg\u00e4u e.V<\/a><\/p>\n<p><img decoding=\"async\" src=\"http:\/\/agus-kempten.de\/cms\/images\/agus\/Hospizverein.jpg\" alt=\"\" border=\"0\" \/><\/p>\n<p>Lebenshilfe f\u00fcr Sterbenskranke, Angeh\u00f6rige und Trauernde.<\/p>\n<p>AGUS<\/p>\n<p><img decoding=\"async\" src=\"http:\/\/agus-kempten.de\/cms\/images\/agus\/Agus-Logo.jpg\" alt=\"\" border=\"0\" \/><\/p>\n<p><a href=\"http:\/\/www.agus-selbsthilfe.de\">Angeh\u00f6rige um Suizid<\/a><\/p>\n<p>Selbst-Hilfe-Gruppe\u00a0f\u00fcr Suizidhinterbliebene<\/p>\n<p>Selbsthilfe auf dem Weg der Trauer<br \/>\nA ngenommen sein<br \/>\nG renzen ver\u00e4ndern<br \/>\nU mgang pflegen<br \/>\nS elbstwertgef\u00fchl st\u00e4rken<\/p>\n<p>&nbsp;<\/p>\n<p>AOK<br \/>\n<img decoding=\"async\" src=\"http:\/\/agus-kempten.de\/cms\/images\/agus\/AOK.jpg\" alt=\"\" border=\"0\" \/><\/p>\n<p>Die Gesundheitskasse<\/p>\n<p>BOSCH<br \/>\n<img decoding=\"async\" src=\"http:\/\/agus-kempten.de\/cms\/images\/agus\/BOSCH.jpg\" alt=\"\" border=\"0\" \/><\/p>\n<p>&nbsp;<\/p>\n<p>VDEK<br \/>\n<img decoding=\"async\" src=\"http:\/\/agus-kempten.de\/cms\/images\/agus\/VDEK.jpg\" alt=\"\" border=\"0\" \/><\/p>\n<p>Die Ersatzkasse<\/p>\n<p>&nbsp;<\/p>\n<p>&nbsp;<\/p>\n<p>BKK<\/p>\n<p><img decoding=\"async\" src=\"http:\/\/agus-kempten.de\/cms\/images\/agus\/BKK.jpg\" alt=\"\" border=\"0\" \/><\/p>\n<p>Gesetzliche Kranken-und Pflegeversicherung<\/p>\n<p>&nbsp;<\/p>\n<p>&nbsp;<\/p>\n<p>Selbsthilfeb\u00fcro Kempten<\/p>\n","protected":false},"excerpt":{"rendered":"<p>Wir arbeiten zusammen mit: Hospizverein Kempten-Oberallg\u00e4u e.V Lebenshilfe f\u00fcr Sterbenskranke, Angeh\u00f6rige und Trauernde. AGUS Angeh\u00f6rige um Suizid Selbst-Hilfe-Gruppe\u00a0f\u00fcr Suizidhinterbliebene Selbsthilfe auf dem Weg der Trauer A ngenommen sein G renzen ver\u00e4ndern U mgang pflegen S elbstwertgef\u00fchl st\u00e4rken &nbsp; AOK Die Gesundheitskasse BOSCH &nbsp; VDEK Die Ersatzkasse &nbsp; &nbsp; BKK Gesetzliche Kranken-und Pflegeversicherung &nbsp; &nbsp; Selbsthilfeb\u00fcro &hellip; <a href=\"https:\/\/agus-kempten.de\/site\/wir-arbeiten-zusammen\/\" class=\"more-link\"><span class=\"screen-reader-text\">Wir arbeiten zusammen<\/span> weiterlesen<\/a><\/p>\n","protected":false},"author":1,"featured_media":0,"parent":0,"menu_order":0,"comment_status":"closed","ping_status":"closed","template":"","meta":{"jetpack_post_was_ever_published":false,"footnotes":""},"class_list":["post-15","page","type-page","status-publish","hentry"],"jetpack_sharing_enabled":true,"jetpack_shortlink":"https:\/\/wp.me\/P9tRCy-f","_links":{"self":[{"href":"https:\/\/agus-kempten.de\/site\/wp-json\/wp\/v2\/pages\/15","targetHints":{"allow":["GET"]}}],"collection":[{"href":"https:\/\/agus-kempten.de\/site\/wp-json\/wp\/v2\/pages"}],"about":[{"href":"https:\/\/agus-kempten.de\/site\/wp-json\/wp\/v2\/types\/page"}],"author":[{"embeddable":true,"href":"https:\/\/agus-kempten.de\/site\/wp-json\/wp\/v2\/users\/1"}],"replies":[{"embeddable":true,"href":"https:\/\/agus-kempten.de\/site\/wp-json\/wp\/v2\/comments?post=15"}],"version-history":[{"count":4,"href":"https:\/\/agus-kempten.de\/site\/wp-json\/wp\/v2\/pages\/15\/revisions"}],"predecessor-version":[{"id":56,"href":"https:\/\/agus-kempten.de\/site\/wp-json\/wp\/v2\/pages\/15\/revisions\/56"}],"wp:attachment":[{"href":"https:\/\/agus-kempten.de\/site\/wp-json\/wp\/v2\/media?parent=15"}],"curies":[{"name":"wp","href":"https:\/\/api.w.org\/{rel}","templated":true}]}}